{"id":1882,"date":"2025-03-11T17:31:00","date_gmt":"2025-03-11T16:31:00","guid":{"rendered":"https:\/\/4rentacar.rs\/?page_id=1882"},"modified":"2025-03-11T18:43:23","modified_gmt":"2025-03-11T17:43:23","slug":"tokom-najma-faq","status":"publish","type":"page","link":"https:\/\/4rentacar.rs\/en\/tokom-najma-faq\/","title":{"rendered":"Tokom Najma FAQ"},"content":{"rendered":"<div data-elementor-type=\"wp-page\" data-elementor-id=\"1882\" class=\"elementor elementor-1882\" data-elementor-settings=\"[]\">\n\t\t\t\t\t\t\t<div class=\"elementor-section-wrap\">\n\t\t\t\t\t\t\t<section data-particle_enable=\"false\" data-particle-mobile-disabled=\"false\" class=\"elementor-section elementor-top-section elementor-element elementor-element-ad28751 elementor-section-boxed elementor-section-height-default elementor-section-height-default\" data-id=\"ad28751\" data-element_type=\"section\" data-settings=\"{&quot;background_background&quot;:&quot;classic&quot;}\">\n\t\t\t\t\t\t<div class=\"elementor-container elementor-column-gap-default\">\n\t\t\t\t\t<div class=\"elementor-column elementor-col-100 elementor-top-column elementor-element elementor-element-b140b6d\" data-id=\"b140b6d\" data-element_type=\"column\">\n\t\t\t<div class=\"elementor-widget-wrap elementor-element-populated\">\n\t\t\t\t\t\t\t\t<div class=\"elementor-element elementor-element-f6d2bbd elementor-widget elementor-widget-heading\" data-id=\"f6d2bbd\" data-element_type=\"widget\" data-widget_type=\"heading.default\">\n\t\t\t\t<div class=\"elementor-widget-container\">\n\t\t\t<h2 class=\"elementor-heading-title elementor-size-default\">KORISNI\u010cKI CENTAR  +381 65 5555 031<\/h2>\t\t<\/div>\n\t\t\t\t<\/div>\n\t\t\t\t<div class=\"elementor-element elementor-element-fbbdcb7 elementor-widget elementor-widget-heading\" data-id=\"fbbdcb7\" data-element_type=\"widget\" data-widget_type=\"heading.default\">\n\t\t\t\t<div class=\"elementor-widget-container\">\n\t\t\t<h4 class=\"elementor-heading-title elementor-size-default\">Uslovi i pravila iznajmljivanja automobila<\/h4>\t\t<\/div>\n\t\t\t\t<\/div>\n\t\t\t\t\t<\/div>\n\t\t<\/div>\n\t\t\t\t\t\t\t<\/div>\n\t\t<\/section>\n\t\t\t\t<section data-particle_enable=\"false\" data-particle-mobile-disabled=\"false\" class=\"elementor-section elementor-top-section elementor-element elementor-element-2419507 elementor-section-boxed elementor-section-height-default elementor-section-height-default\" data-id=\"2419507\" data-element_type=\"section\" data-settings=\"{&quot;shape_divider_top&quot;:&quot;arrow&quot;,&quot;background_background&quot;:&quot;classic&quot;}\">\n\t\t\t\t\t<div class=\"elementor-shape elementor-shape-top\" data-negative=\"false\">\n\t\t\t<svg xmlns=\"http:\/\/www.w3.org\/2000\/svg\" viewbox=\"0 0 700 10\" preserveaspectratio=\"none\">\n\t<path class=\"elementor-shape-fill\" d=\"M350,10L340,0h20L350,10z\"\/>\n<\/svg>\t\t<\/div>\n\t\t\t\t\t<div class=\"elementor-container elementor-column-gap-default\">\n\t\t\t\t\t<div class=\"elementor-column elementor-col-66 elementor-top-column elementor-element elementor-element-315153e\" data-id=\"315153e\" data-element_type=\"column\">\n\t\t\t<div class=\"elementor-widget-wrap elementor-element-populated\">\n\t\t\t\t\t\t\t\t<div class=\"elementor-element elementor-element-673f25c elementor-position-left elementor-vertical-align-middle elementor-widget elementor-widget-image-box\" data-id=\"673f25c\" data-element_type=\"widget\" data-widget_type=\"image-box.default\">\n\t\t\t\t<div class=\"elementor-widget-container\">\n\t\t\t<div class=\"elementor-image-box-wrapper\"><figure class=\"elementor-image-box-img\"><img loading=\"lazy\" decoding=\"async\" width=\"203\" height=\"203\" src=\"https:\/\/4rentacar.rs\/wp-content\/uploads\/2025\/02\/icon_kor_centar_tijekom_najma-1.png\" class=\"elementor-animation-shrink attachment-full size-full\" alt=\"\" style=\"width:100%;height:100%;max-width:203px\" \/><\/figure><div class=\"elementor-image-box-content\"><h3 class=\"elementor-image-box-title\">TOKOM NAJMA<\/h3><\/div><\/div>\t\t<\/div>\n\t\t\t\t<\/div>\n\t\t\t\t<div class=\"elementor-element elementor-element-9dd5ff5 elementor-widget elementor-widget-eael-adv-accordion\" data-id=\"9dd5ff5\" data-element_type=\"widget\" data-widget_type=\"eael-adv-accordion.default\">\n\t\t\t\t<div class=\"elementor-widget-container\">\n\t\t\t        <div class=\"eael-adv-accordion\" id=\"eael-adv-accordion-9dd5ff5\" data-scroll-on-click=\"no\" data-scroll-speed=\"300\" data-accordion-id=\"9dd5ff5\" data-accordion-type=\"accordion\" data-toogle-speed=\"300\">\n    <div class=\"eael-accordion-list\">\n                <div id=\"ukoliko-u-toku-najma-dodje-do-saobraajne-nezgode-ta-uraditi\" class=\"elementor-tab-title eael-accordion-header\" tabindex=\"0\" data-tab=\"1\" aria-controls=\"elementor-tab-content-1651\"><span class=\"eael-advanced-accordion-icon-closed\"><i aria-hidden=\"true\" class=\"fa-accordion-icon fas fa-plus\"><\/i><\/span><span class=\"eael-advanced-accordion-icon-opened\"><i aria-hidden=\"true\" class=\"fa-accordion-icon fas fa-minus\"><\/i><\/span><span class=\"eael-accordion-tab-title\">Ukoliko u toku najma dodje do saobra\u0107ajne nezgode, \u0161ta uraditi?<\/span><i aria-hidden=\"true\" class=\"fa-toggle fas fa-angle-right\"><\/i><\/div><div id=\"elementor-tab-content-1651\" class=\"eael-accordion-content clearfix\" data-tab=\"1\" aria-labelledby=\"ukoliko-u-toku-najma-dodje-do-saobraajne-nezgode-ta-uraditi\"><p>Ukoliko u toku najma dodje do saobra\u0107ajne nezgode u obavezi ste da pozovete policiju radi obavljanja policijkog uvidjaja kao i da obavestite agenciju o saobra\u0107ajnoj nezgodi.<\/p><\/div>\n                <\/div><div class=\"eael-accordion-list\">\n                <div id=\"ukoliko-doe-do-kvara-na-vozilu-ta-uraditi\" class=\"elementor-tab-title eael-accordion-header\" tabindex=\"0\" data-tab=\"2\" aria-controls=\"elementor-tab-content-1652\"><span class=\"eael-advanced-accordion-icon-closed\"><i aria-hidden=\"true\" class=\"fa-accordion-icon fas fa-plus\"><\/i><\/span><span class=\"eael-advanced-accordion-icon-opened\"><i aria-hidden=\"true\" class=\"fa-accordion-icon fas fa-minus\"><\/i><\/span><span class=\"eael-accordion-tab-title\">Ukoliko do\u0111e do kvara na vozilu, \u0161ta uraditi?<\/span><i aria-hidden=\"true\" class=\"fa-toggle fas fa-angle-right\"><\/i><\/div><div id=\"elementor-tab-content-1652\" class=\"eael-accordion-content clearfix\" data-tab=\"2\" aria-labelledby=\"ukoliko-doe-do-kvara-na-vozilu-ta-uraditi\"><p>Ukoliko u toku najma dodje do kvara na vozilu, potrebno je da u najkra\u0107em roku o tome obavestite agenciju, kako bismo Vam obezbedili potrebnu podr\u0161ku.<\/p><\/div>\n                <\/div><div class=\"eael-accordion-list\">\n                <div id=\"ukoliko-se-izgube-dokumenta-vozila-registarske-oznake-klju-vozila-ta-uraditi\" class=\"elementor-tab-title eael-accordion-header\" tabindex=\"0\" data-tab=\"3\" aria-controls=\"elementor-tab-content-1653\"><span class=\"eael-advanced-accordion-icon-closed\"><i aria-hidden=\"true\" class=\"fa-accordion-icon fas fa-plus\"><\/i><\/span><span class=\"eael-advanced-accordion-icon-opened\"><i aria-hidden=\"true\" class=\"fa-accordion-icon fas fa-minus\"><\/i><\/span><span class=\"eael-accordion-tab-title\">Ukoliko se izgube dokumenta vozila, registarske oznake, klju\u010d vozila, \u0161ta uraditi?<\/span><i aria-hidden=\"true\" class=\"fa-toggle fas fa-angle-right\"><\/i><\/div><div id=\"elementor-tab-content-1653\" class=\"eael-accordion-content clearfix\" data-tab=\"3\" aria-labelledby=\"ukoliko-se-izgube-dokumenta-vozila-registarske-oznake-klju-vozila-ta-uraditi\"><p>U najkra\u0107em roku gubitak i\/ili kra\u0111u dokumenata i\/ili registarskih oznaka, potrebno je da prijavite najbli\u017eoj policijskoj stanici, u kojoj \u0107ete dobiti potvrdu o nastalom doga\u0111aju, a nju pri vra\u0107anju vozila iz najma obavezno predajte zaposlenima\u00a0 u agenciji. Takodje, o nastaloj situaciji obavestite agenciju putem telefona ili e-maila u roku od 24h.<\/p><\/div>\n                <\/div><div class=\"eael-accordion-list\">\n                <div id=\"kako-izvriti-produetak-najma-vozila\" class=\"elementor-tab-title eael-accordion-header\" tabindex=\"0\" data-tab=\"4\" aria-controls=\"elementor-tab-content-1654\"><span class=\"eael-advanced-accordion-icon-closed\"><i aria-hidden=\"true\" class=\"fa-accordion-icon fas fa-plus\"><\/i><\/span><span class=\"eael-advanced-accordion-icon-opened\"><i aria-hidden=\"true\" class=\"fa-accordion-icon fas fa-minus\"><\/i><\/span><span class=\"eael-accordion-tab-title\">Kako izvr\u0161iti produ\u017eetak najma vozila?<\/span><i aria-hidden=\"true\" class=\"fa-toggle fas fa-angle-right\"><\/i><\/div><div id=\"elementor-tab-content-1654\" class=\"eael-accordion-content clearfix\" data-tab=\"4\" aria-labelledby=\"kako-izvriti-produetak-najma-vozila\"><p>Najam mo\u017eete produ\u017eiti \u00a0slanjem e-maila, poruke na Viber ili Whatsapp ili u na\u0161oj\u00a0 poslovnici\u00a0 24 sata pre isteka najma. \u00a0*Za produ\u017eetak najma potrebno je da dobijete saglasnost, potvrdu agencije.<\/p><\/div>\n                <\/div><div class=\"eael-accordion-list\">\n                <div id=\"da-li-vozilo-moe-da-se-vrati-na-drugu-lokaciju-od-one-dogovorene-prilikom-preuzimanja\" class=\"elementor-tab-title eael-accordion-header\" tabindex=\"0\" data-tab=\"5\" aria-controls=\"elementor-tab-content-1655\"><span class=\"eael-advanced-accordion-icon-closed\"><i aria-hidden=\"true\" class=\"fa-accordion-icon fas fa-plus\"><\/i><\/span><span class=\"eael-advanced-accordion-icon-opened\"><i aria-hidden=\"true\" class=\"fa-accordion-icon fas fa-minus\"><\/i><\/span><span class=\"eael-accordion-tab-title\">Da li vozilo mo\u017ee da se vrati na drugu lokaciju od one dogovorene prilikom preuzimanja?<\/span><i aria-hidden=\"true\" class=\"fa-toggle fas fa-angle-right\"><\/i><\/div><div id=\"elementor-tab-content-1655\" class=\"eael-accordion-content clearfix\" data-tab=\"5\" aria-labelledby=\"da-li-vozilo-moe-da-se-vrati-na-drugu-lokaciju-od-one-dogovorene-prilikom-preuzimanja\"><p>Mo\u017eete promeniti lokaciju vra\u0107anja\u00a0 vozila u toku najma, ali je potrebno da za takvu uslugu dobijete saglasnost agencije. U \u00a0tom slu\u010daju mo\u017ee do\u0107i do dodatnih tro\u0161kova.<\/p><\/div>\n                <\/div><div class=\"eael-accordion-list\">\n                <div id=\"ako-se-u-toku-najma-odluite-na-putovanje-u-inostranstvo-ta-je-potrebno-uiniti\" class=\"elementor-tab-title eael-accordion-header\" tabindex=\"0\" data-tab=\"6\" aria-controls=\"elementor-tab-content-1656\"><span class=\"eael-advanced-accordion-icon-closed\"><i aria-hidden=\"true\" class=\"fa-accordion-icon fas fa-plus\"><\/i><\/span><span class=\"eael-advanced-accordion-icon-opened\"><i aria-hidden=\"true\" class=\"fa-accordion-icon fas fa-minus\"><\/i><\/span><span class=\"eael-accordion-tab-title\">Ako se u toku najma odlu\u010dite na putovanje u inostranstvo, \u0161ta je potrebno u\u010diniti?<\/span><i aria-hidden=\"true\" class=\"fa-toggle fas fa-angle-right\"><\/i><\/div><div id=\"elementor-tab-content-1656\" class=\"eael-accordion-content clearfix\" data-tab=\"6\" aria-labelledby=\"ako-se-u-toku-najma-odluite-na-putovanje-u-inostranstvo-ta-je-potrebno-uiniti\"><p>Ako ste u toku najma\u00a0 odlu\u010dili putovati van zemlje, obavestite agenciju pre putovanja, zbog izdavanja novog ugovora i eventualnog aktiviranja dodatnih usluga.<\/p><\/div>\n                <\/div><div class=\"eael-accordion-list\">\n                <div id=\"moe-li-se-iznajmiti-gps-wifi-ili-deija-stolica\" class=\"elementor-tab-title eael-accordion-header\" tabindex=\"0\" data-tab=\"7\" aria-controls=\"elementor-tab-content-1657\"><span class=\"eael-advanced-accordion-icon-closed\"><i aria-hidden=\"true\" class=\"fa-accordion-icon fas fa-plus\"><\/i><\/span><span class=\"eael-advanced-accordion-icon-opened\"><i aria-hidden=\"true\" class=\"fa-accordion-icon fas fa-minus\"><\/i><\/span><span class=\"eael-accordion-tab-title\">Mo\u017ee li se iznajmiti GPS, WiFi ili de\u010dija stolica?<\/span><i aria-hidden=\"true\" class=\"fa-toggle fas fa-angle-right\"><\/i><\/div><div id=\"elementor-tab-content-1657\" class=\"eael-accordion-content clearfix\" data-tab=\"7\" aria-labelledby=\"moe-li-se-iznajmiti-gps-wifi-ili-deija-stolica\"><p>U na\u0161oj ponudi dodatne opreme mo\u017eete odabrati: WiFi, GPS, de\u010dija stolica\/booster, zimske gume, lanci za sneg. Ako je oprema dostupna, mo\u017eete je iznajmiti, a naplata se vr\u0161i prema va\u017ee\u0107em cenovniku.<\/p><\/div>\n                <\/div><div class=\"eael-accordion-list\">\n                <div id=\"kako-dodati-drugog-vozaa-na-ugovor\" class=\"elementor-tab-title eael-accordion-header\" tabindex=\"0\" data-tab=\"8\" aria-controls=\"elementor-tab-content-1658\"><span class=\"eael-advanced-accordion-icon-closed\"><i aria-hidden=\"true\" class=\"fa-accordion-icon fas fa-plus\"><\/i><\/span><span class=\"eael-advanced-accordion-icon-opened\"><i aria-hidden=\"true\" class=\"fa-accordion-icon fas fa-minus\"><\/i><\/span><span class=\"eael-accordion-tab-title\">Kako dodati drugog voza\u010da na ugovor?<\/span><i aria-hidden=\"true\" class=\"fa-toggle fas fa-angle-right\"><\/i><\/div><div id=\"elementor-tab-content-1658\" class=\"eael-accordion-content clearfix\" data-tab=\"8\" aria-labelledby=\"kako-dodati-drugog-vozaa-na-ugovor\"><p>Ako ste odlu\u010dili dodati drugog voza\u010da na ugovor, potrebno je da do\u0111ete do najbli\u017ee poslovnice\u00a0 sa va\u017ee\u0107om voza\u010dkom dozvolom i li\u010dnom kartom ili paso\u0161em voza\u010da kog \u017eelite dodati. \u00a0Dodatni voza\u010d takodje mora ispunjavati osnovne uslove najma(25 godina starosti i 2 godine iskustva u vo\u017enji). Naplata se vr\u0161i od dana dodavanja usluge na ugovor.<\/p><\/div>\n                <\/div><div class=\"eael-accordion-list\">\n                <div id=\"da-li-je-mogue-vozilo-vratiti-ranije-od-predvienog\" class=\"elementor-tab-title eael-accordion-header\" tabindex=\"0\" data-tab=\"9\" aria-controls=\"elementor-tab-content-1659\"><span class=\"eael-advanced-accordion-icon-closed\"><i aria-hidden=\"true\" class=\"fa-accordion-icon fas fa-plus\"><\/i><\/span><span class=\"eael-advanced-accordion-icon-opened\"><i aria-hidden=\"true\" class=\"fa-accordion-icon fas fa-minus\"><\/i><\/span><span class=\"eael-accordion-tab-title\">Da li je mogu\u0107e vozilo vratiti ranije od predvi\u0111enog?<\/span><i aria-hidden=\"true\" class=\"fa-toggle fas fa-angle-right\"><\/i><\/div><div id=\"elementor-tab-content-1659\" class=\"eael-accordion-content clearfix\" data-tab=\"9\" aria-labelledby=\"da-li-je-mogue-vozilo-vratiti-ranije-od-predvienog\"><p>Vozilo mo\u017eete vratiti ranije od predvi\u0111enog datuma i vremena vra\u0107anja,uz prethodnu najavu agenciji. U tom slu\u010daju plati\u0107ete broj dana koliko je vozilo kori\u0161\u0107eno. Ali zbog razlike u obra\u010dunu, mo\u017ee do\u0107i do izmena u ceni dana najma od one navedene na prvobitnom ugovoru.<\/p><\/div>\n                <\/div><div class=\"eael-accordion-list\">\n                <div id=\"kako-naknadno-kupiti-dodatno-osiguranje-za-vozilo\" class=\"elementor-tab-title eael-accordion-header\" tabindex=\"0\" data-tab=\"10\" aria-controls=\"elementor-tab-content-16510\"><span class=\"eael-advanced-accordion-icon-closed\"><i aria-hidden=\"true\" class=\"fa-accordion-icon fas fa-plus\"><\/i><\/span><span class=\"eael-advanced-accordion-icon-opened\"><i aria-hidden=\"true\" class=\"fa-accordion-icon fas fa-minus\"><\/i><\/span><span class=\"eael-accordion-tab-title\">Kako naknadno kupiti dodatno osiguranje za vozilo?<\/span><i aria-hidden=\"true\" class=\"fa-toggle fas fa-angle-right\"><\/i><\/div><div id=\"elementor-tab-content-16510\" class=\"eael-accordion-content clearfix\" data-tab=\"10\" aria-labelledby=\"kako-naknadno-kupiti-dodatno-osiguranje-za-vozilo\"><p>Ako ve\u0107 imate na\u0161e vozilo u najmu, a naknadno ste ipak odlu\u010dili kupiti dodatno osiguranje,potrebno je da do\u0111ete u na\u0161u najbli\u017eu poslovnicu zbog pregleda vozila i promene ugovora.<\/p><\/div>\n                <\/div><div class=\"eael-accordion-list\">\n                <div id=\"u-koje-drzave-mozete-putovati-sa-iznajmljenim-vozilom\" class=\"elementor-tab-title eael-accordion-header\" tabindex=\"0\" data-tab=\"11\" aria-controls=\"elementor-tab-content-16511\"><span class=\"eael-advanced-accordion-icon-closed\"><i aria-hidden=\"true\" class=\"fa-accordion-icon fas fa-plus\"><\/i><\/span><span class=\"eael-advanced-accordion-icon-opened\"><i aria-hidden=\"true\" class=\"fa-accordion-icon fas fa-minus\"><\/i><\/span><span class=\"eael-accordion-tab-title\">U koje drzave mozete putovati sa iznajmljenim vozilom?<\/span><i aria-hidden=\"true\" class=\"fa-toggle fas fa-angle-right\"><\/i><\/div><div id=\"elementor-tab-content-16511\" class=\"eael-accordion-content clearfix\" data-tab=\"11\" aria-labelledby=\"u-koje-drzave-mozete-putovati-sa-iznajmljenim-vozilom\"><p>Sa na\u0161im vozilom mo\u017eete putovati u sve dr\u017eave Evrope. Pre putovanja van zemlje, potrebno je da o tome obavestite agenciju, ako to putovanje nije unapred dogovoreno prilikom preuzimanja vozila.<\/p><\/div>\n                <\/div><\/div>\t\t<\/div>\n\t\t\t\t<\/div>\n\t\t\t\t\t<\/div>\n\t\t<\/div>\n\t\t\t\t<div class=\"elementor-column elementor-col-33 elementor-top-column elementor-element elementor-element-ba6c9b5\" data-id=\"ba6c9b5\" data-element_type=\"column\">\n\t\t\t<div class=\"elementor-widget-wrap elementor-element-populated\">\n\t\t\t\t\t\t\t\t<div class=\"elementor-element elementor-element-45b95cb elementor-position-left elementor-vertical-align-middle elementor-widget elementor-widget-image-box\" data-id=\"45b95cb\" data-element_type=\"widget\" data-widget_type=\"image-box.default\">\n\t\t\t\t<div class=\"elementor-widget-container\">\n\t\t\t<div class=\"elementor-image-box-wrapper\"><figure class=\"elementor-image-box-img\"><a href=\"https:\/\/4rentacar.rs\/en\/pre-najma-faq\/\"><img loading=\"lazy\" decoding=\"async\" width=\"203\" height=\"203\" src=\"https:\/\/4rentacar.rs\/wp-content\/uploads\/2025\/02\/icon_kor_centar_prije_najma-1.png\" class=\"elementor-animation-shrink attachment-full size-full\" alt=\"\" style=\"width:100%;height:100%;max-width:203px\" \/><\/a><\/figure><div class=\"elementor-image-box-content\"><h3 class=\"elementor-image-box-title\"><a href=\"https:\/\/4rentacar.rs\/en\/pre-najma-faq\/\">PRE NAJMA ><\/a><\/h3><\/div><\/div>\t\t<\/div>\n\t\t\t\t<\/div>\n\t\t\t\t<div class=\"elementor-element elementor-element-ec9d57c elementor-position-left elementor-vertical-align-middle elementor-widget elementor-widget-image-box\" data-id=\"ec9d57c\" data-element_type=\"widget\" data-widget_type=\"image-box.default\">\n\t\t\t\t<div class=\"elementor-widget-container\">\n\t\t\t<div class=\"elementor-image-box-wrapper\"><figure class=\"elementor-image-box-img\"><a href=\"https:\/\/4rentacar.rs\/en\/rezervacije-faq\/\"><img loading=\"lazy\" decoding=\"async\" width=\"203\" height=\"203\" src=\"https:\/\/4rentacar.rs\/wp-content\/uploads\/2025\/02\/icon_kor_centar_rezervacije-1.png\" class=\"elementor-animation-shrink attachment-full size-full\" alt=\"\" style=\"width:100%;height:100%;max-width:203px\" \/><\/a><\/figure><div class=\"elementor-image-box-content\"><h3 class=\"elementor-image-box-title\"><a href=\"https:\/\/4rentacar.rs\/en\/rezervacije-faq\/\">REZERVACIJE ><\/a><\/h3><\/div><\/div>\t\t<\/div>\n\t\t\t\t<\/div>\n\t\t\t\t<div class=\"elementor-element elementor-element-59f157a elementor-position-left elementor-vertical-align-middle elementor-widget elementor-widget-image-box\" data-id=\"59f157a\" data-element_type=\"widget\" data-widget_type=\"image-box.default\">\n\t\t\t\t<div class=\"elementor-widget-container\">\n\t\t\t<div class=\"elementor-image-box-wrapper\"><figure class=\"elementor-image-box-img\"><a href=\"https:\/\/4rentacar.rs\/en\/preuzimanje-faq\/\"><img loading=\"lazy\" decoding=\"async\" width=\"203\" height=\"203\" src=\"https:\/\/4rentacar.rs\/wp-content\/uploads\/2025\/02\/icon_kor_centar_preuzimanje-1.png\" class=\"elementor-animation-shrink attachment-full size-full\" alt=\"\" style=\"width:100%;height:100%;max-width:203px\" \/><\/a><\/figure><div class=\"elementor-image-box-content\"><h3 class=\"elementor-image-box-title\"><a href=\"https:\/\/4rentacar.rs\/en\/preuzimanje-faq\/\">PREUZIMANJE ><\/a><\/h3><\/div><\/div>\t\t<\/div>\n\t\t\t\t<\/div>\n\t\t\t\t<div class=\"elementor-element elementor-element-97590dd elementor-position-left elementor-vertical-align-middle elementor-widget elementor-widget-image-box\" data-id=\"97590dd\" data-element_type=\"widget\" data-widget_type=\"image-box.default\">\n\t\t\t\t<div class=\"elementor-widget-container\">\n\t\t\t<div class=\"elementor-image-box-wrapper\"><figure class=\"elementor-image-box-img\"><a href=\"https:\/\/4rentacar.rs\/en\/vracanje-faq\/\"><img loading=\"lazy\" decoding=\"async\" width=\"203\" height=\"203\" src=\"https:\/\/4rentacar.rs\/wp-content\/uploads\/2025\/02\/icon_kor_centar_vracanje-1.png\" class=\"elementor-animation-shrink attachment-full size-full\" alt=\"\" style=\"width:100%;height:100%;max-width:203px\" \/><\/a><\/figure><div class=\"elementor-image-box-content\"><h3 class=\"elementor-image-box-title\"><a href=\"https:\/\/4rentacar.rs\/en\/vracanje-faq\/\">VRA\u0106ANJE ><\/a><\/h3><\/div><\/div>\t\t<\/div>\n\t\t\t\t<\/div>\n\t\t\t\t<div class=\"elementor-element elementor-element-daee0bc elementor-position-left elementor-vertical-align-middle elementor-widget elementor-widget-image-box\" data-id=\"daee0bc\" data-element_type=\"widget\" data-widget_type=\"image-box.default\">\n\t\t\t\t<div class=\"elementor-widget-container\">\n\t\t\t<div class=\"elementor-image-box-wrapper\"><figure class=\"elementor-image-box-img\"><a href=\"https:\/\/4rentacar.rs\/en\/tehnicka-pitanja-faq\/\"><img loading=\"lazy\" decoding=\"async\" width=\"203\" height=\"203\" src=\"https:\/\/4rentacar.rs\/wp-content\/uploads\/2025\/02\/icon_kor_centar_tehnicka_podrska-1.png\" class=\"elementor-animation-shrink attachment-full size-full\" alt=\"\" style=\"width:100%;height:100%;max-width:203px\" \/><\/a><\/figure><div class=\"elementor-image-box-content\"><h3 class=\"elementor-image-box-title\"><a href=\"https:\/\/4rentacar.rs\/en\/tehnicka-pitanja-faq\/\">TEHNI\u010cKA PITANJA ><\/a><\/h3><\/div><\/div>\t\t<\/div>\n\t\t\t\t<\/div>\n\t\t\t\t\t<\/div>\n\t\t<\/div>\n\t\t\t\t\t\t\t<\/div>\n\t\t<\/section>\n\t\t\t\t\t\t<\/div>\n\t\t\t\t\t<\/div>","protected":false},"excerpt":{"rendered":"<p>KORISNI\u010cKI CENTAR +381 65 5555 031 Uslovi i pravila iznajmljivanja automobila TOKOM NAJMA Ukoliko u toku najma dodje do saobra\u0107ajne nezgode, \u0161ta uraditi? Ukoliko u toku najma dodje do saobra\u0107ajne nezgode u obavezi ste da pozovete policiju radi obavljanja policijkog uvidjaja kao i da obavestite agenciju o saobra\u0107ajnoj nezgodi. Ukoliko do\u0111e do kvara na vozilu,&hellip; <a class=\"more-link\" href=\"https:\/\/4rentacar.rs\/en\/tokom-najma-faq\/\">Continue reading <span class=\"screen-reader-text\">Tokom Najma FAQ<\/span><\/a><\/p>","protected":false},"author":2,"featured_media":0,"parent":0,"menu_order":0,"comment_status":"closed","ping_status":"closed","template":"","meta":{"footnotes":""},"class_list":["post-1882","page","type-page","status-publish","hentry","entry"],"_links":{"self":[{"href":"https:\/\/4rentacar.rs\/en\/wp-json\/wp\/v2\/pages\/1882","targetHints":{"allow":["GET"]}}],"collection":[{"href":"https:\/\/4rentacar.rs\/en\/wp-json\/wp\/v2\/pages"}],"about":[{"href":"https:\/\/4rentacar.rs\/en\/wp-json\/wp\/v2\/types\/page"}],"author":[{"embeddable":true,"href":"https:\/\/4rentacar.rs\/en\/wp-json\/wp\/v2\/users\/2"}],"replies":[{"embeddable":true,"href":"https:\/\/4rentacar.rs\/en\/wp-json\/wp\/v2\/comments?post=1882"}],"version-history":[{"count":10,"href":"https:\/\/4rentacar.rs\/en\/wp-json\/wp\/v2\/pages\/1882\/revisions"}],"predecessor-version":[{"id":1942,"href":"https:\/\/4rentacar.rs\/en\/wp-json\/wp\/v2\/pages\/1882\/revisions\/1942"}],"wp:attachment":[{"href":"https:\/\/4rentacar.rs\/en\/wp-json\/wp\/v2\/media?parent=1882"}],"curies":[{"name":"wp","href":"https:\/\/api.w.org\/{rel}","templated":true}]}}